{"id":29,"date":"2014-10-24T16:58:50","date_gmt":"2014-10-24T14:58:50","guid":{"rendered":"http:\/\/kg-saarland.gdpbundespolizeikoblenz.de\/?page_id=29"},"modified":"2024-02-18T11:05:12","modified_gmt":"2024-02-18T10:05:12","slug":"rechtschutzantrag","status":"publish","type":"page","link":"https:\/\/kg-saarland.gdpbundespolizeikoblenz.de\/?page_id=29","title":{"rendered":"Rechtschutzantrag"},"content":{"rendered":"<p><img loading=\"lazy\" decoding=\"async\" class=\"alignright wp-image-3761 size-medium\" src=\"https:\/\/kg-saarland.gdpbundespolizeikoblenz.de\/wp-content\/uploads\/2024\/02\/ANWALT1-300x205.jpg\" alt=\"\" width=\"300\" height=\"205\" \/>Hier stellen wir euch den aktuellen Vordruck \u201cRechtschutzantrag\u201d zur Verf\u00fcgung. Bitte den ausgef\u00fcllten Antrag unterschrieben mit den erforderlichen Anlagen an eure Kreisgruppe \u00fcbersenden. Von dort erfolgt wie Weiterleitung an den GdP-Bezirk Bundespolizei.<\/p>\n<p><a href=\"http:\/\/gdpbundespolizeikoblenz.de\/wp-content\/uploads\/2014\/10\/rechtsschutzantrag_ausfullbar.pdf\" target=\"_blank\" rel=\"noopener\">rechtsschutzantrag_ausfullbar<\/a><\/p>\n","protected":false},"excerpt":{"rendered":"<p>Hier stellen wir euch den aktuellen Vordruck \u201cRechtschutzantrag\u201d zur Verf\u00fcgung. Bitte den ausgef\u00fcllten Antrag unterschrieben mit den erforderlichen Anlagen an eure Kreisgruppe \u00fcbersenden. Von dort erfolgt wie Weiterleitung an den GdP-Bezirk Bundespolizei. rechtsschutzantrag_ausfullbar<\/p>\n","protected":false},"author":1,"featured_media":0,"parent":25,"menu_order":0,"comment_status":"closed","ping_status":"open","template":"","meta":{"footnotes":""},"class_list":["post-29","page","type-page","status-publish","hentry"],"_links":{"self":[{"href":"https:\/\/kg-saarland.gdpbundespolizeikoblenz.de\/index.php?rest_route=\/wp\/v2\/pages\/29","targetHints":{"allow":["GET"]}}],"collection":[{"href":"https:\/\/kg-saarland.gdpbundespolizeikoblenz.de\/index.php?rest_route=\/wp\/v2\/pages"}],"about":[{"href":"https:\/\/kg-saarland.gdpbundespolizeikoblenz.de\/index.php?rest_route=\/wp\/v2\/types\/page"}],"author":[{"embeddable":true,"href":"https:\/\/kg-saarland.gdpbundespolizeikoblenz.de\/index.php?rest_route=\/wp\/v2\/users\/1"}],"replies":[{"embeddable":true,"href":"https:\/\/kg-saarland.gdpbundespolizeikoblenz.de\/index.php?rest_route=%2Fwp%2Fv2%2Fcomments&post=29"}],"version-history":[{"count":0,"href":"https:\/\/kg-saarland.gdpbundespolizeikoblenz.de\/index.php?rest_route=\/wp\/v2\/pages\/29\/revisions"}],"up":[{"embeddable":true,"href":"https:\/\/kg-saarland.gdpbundespolizeikoblenz.de\/index.php?rest_route=\/wp\/v2\/pages\/25"}],"wp:attachment":[{"href":"https:\/\/kg-saarland.gdpbundespolizeikoblenz.de\/index.php?rest_route=%2Fwp%2Fv2%2Fmedia&parent=29"}],"curies":[{"name":"wp","href":"https:\/\/api.w.org\/{rel}","templated":true}]}}