{"id":3793,"date":"2024-02-19T13:46:33","date_gmt":"2024-02-19T12:46:33","guid":{"rendered":"https:\/\/kg-saarland.gdpbundespolizeikoblenz.de\/?page_id=3793"},"modified":"2024-03-18T21:12:59","modified_gmt":"2024-03-18T20:12:59","slug":"ansprechpartner","status":"publish","type":"page","link":"https:\/\/kg-saarland.gdpbundespolizeikoblenz.de\/?page_id=3793","title":{"rendered":"Ansprechpartner"},"content":{"rendered":"<p>&nbsp;<\/p>\n<table>\n<tbody>\n<tr>\n<td colspan=\"2\" width=\"472\"><strong><span style=\"color: #339966;\">Gesch\u00e4ftsf\u00fchrender Vorstand<\/span><\/strong><\/td>\n<\/tr>\n<tr>\n<td width=\"240\">Vorsitzender<\/td>\n<td width=\"232\">Werner Berger<\/td>\n<\/tr>\n<tr>\n<td width=\"240\">stellv. Vorsitzender<\/td>\n<td width=\"232\">Christina Maas<\/td>\n<\/tr>\n<tr>\n<td width=\"240\">stellv. Vorsitzender<\/td>\n<td width=\"232\">Hassan Baghal<\/td>\n<\/tr>\n<tr>\n<td width=\"240\">stellv. Vorsitzender<\/td>\n<td width=\"232\">Roland Voss<\/td>\n<\/tr>\n<tr>\n<td width=\"240\">stellv. Vorsitzender<\/td>\n<td width=\"232\">Andreas Kiefer<\/td>\n<\/tr>\n<tr>\n<td width=\"240\">stellv. Vorsitzender<\/td>\n<td width=\"232\">Simon Mannweiler<\/td>\n<\/tr>\n<tr>\n<td width=\"240\">stellv. Vorsitzender<\/td>\n<td width=\"232\">Kersten Venn<\/td>\n<\/tr>\n<tr>\n<td width=\"240\">Schriftf\u00fchrung<\/td>\n<td width=\"232\">Andr\u00e9 Gargosch<\/td>\n<\/tr>\n<tr>\n<td width=\"240\">Schriftf\u00fchrung<\/td>\n<td width=\"232\">G\u00fcnther M\u00fcller<\/td>\n<\/tr>\n<tr>\n<td width=\"240\">Kassierer<\/td>\n<td width=\"232\">Dirk Schlouck<\/td>\n<\/tr>\n<tr>\n<td width=\"240\">Kassierer<\/td>\n<td width=\"232\">Heiko Dinkuhn<\/td>\n<\/tr>\n<tr>\n<td colspan=\"2\" width=\"472\"><\/td>\n<\/tr>\n<tr>\n<td colspan=\"2\" width=\"472\"><span style=\"color: #339966;\"><strong>Erweiterter Vorstand<\/strong><\/span><\/td>\n<\/tr>\n<tr>\n<td width=\"240\">Organisation<\/td>\n<td width=\"232\">Michael Jacobs<\/td>\n<\/tr>\n<tr>\n<td width=\"240\"><\/td>\n<td width=\"232\">Joachim Schaum<\/td>\n<\/tr>\n<tr>\n<td width=\"240\"><\/td>\n<td width=\"232\"><\/td>\n<\/tr>\n<tr>\n<td width=\"240\">Internet<\/td>\n<td width=\"232\">Andreas H\u00e4cker<\/td>\n<\/tr>\n<tr>\n<td width=\"240\"><\/td>\n<td width=\"232\">Alexander Thiel<\/td>\n<\/tr>\n<tr>\n<td colspan=\"2\" width=\"472\"><\/td>\n<\/tr>\n<tr>\n<td colspan=\"2\" width=\"472\">Gruppen<\/td>\n<\/tr>\n<tr>\n<td width=\"240\">Frauengruppe<\/td>\n<td width=\"232\">Christina Maas<\/td>\n<\/tr>\n<tr>\n<td width=\"240\"><\/td>\n<td width=\"232\">Tanja Porsch<\/td>\n<\/tr>\n<tr>\n<td width=\"240\"><\/td>\n<td width=\"232\">Selina Philippi<\/td>\n<\/tr>\n<tr>\n<td width=\"240\"><\/td>\n<td width=\"232\"><\/td>\n<\/tr>\n<tr>\n<td width=\"240\">Junge Gruppe<\/td>\n<td width=\"232\">Hassan Baghal<\/td>\n<\/tr>\n<tr>\n<td width=\"240\"><\/td>\n<td width=\"232\"><\/td>\n<\/tr>\n<tr>\n<td width=\"240\">Senioren<\/td>\n<td width=\"232\">Frank Herrgen<\/td>\n<\/tr>\n<tr>\n<td width=\"240\"><\/td>\n<td width=\"232\">Doris Bauer<\/td>\n<\/tr>\n<tr>\n<td colspan=\"2\" width=\"472\"><\/td>\n<\/tr>\n<tr>\n<td width=\"240\">Arbeitnehmer<\/td>\n<td width=\"232\">Jari Eisenbeis<\/td>\n<\/tr>\n<tr>\n<td width=\"240\"><\/td>\n<td width=\"232\"><\/td>\n<\/tr>\n<tr>\n<td width=\"240\">Vertrauensleute<\/td>\n<td width=\"232\">Michael R\u00f6der<\/td>\n<\/tr>\n<tr>\n<td width=\"240\"><\/td>\n<td width=\"232\">Nils Brymann<\/td>\n<\/tr>\n<tr>\n<td width=\"240\"><\/td>\n<td width=\"232\">Christian Wilhelm<\/td>\n<\/tr>\n<tr>\n<td colspan=\"2\" width=\"472\"><\/td>\n<\/tr>\n<tr>\n<td width=\"240\">Kassenpr\u00fcfer<\/td>\n<td width=\"232\">Dirk Riefer<\/td>\n<\/tr>\n<tr>\n<td width=\"240\"><\/td>\n<td width=\"232\">Tanja Porsch<\/td>\n<\/tr>\n<\/tbody>\n<\/table>\n","protected":false},"excerpt":{"rendered":"<p>&nbsp; Gesch\u00e4ftsf\u00fchrender Vorstand Vorsitzender Werner Berger stellv. Vorsitzender Christina Maas stellv. Vorsitzender Hassan Baghal stellv. Vorsitzender Roland Voss stellv. Vorsitzender Andreas Kiefer stellv. Vorsitzender Simon Mannweiler stellv. Vorsitzender Kersten Venn Schriftf\u00fchrung Andr\u00e9 Gargosch Schriftf\u00fchrung G\u00fcnther M\u00fcller Kassierer Dirk Schlouck Kassierer Heiko Dinkuhn Erweiterter Vorstand Organisation Michael Jacobs Joachim Schaum Internet <a class=\"more-link\" href=\"https:\/\/kg-saarland.gdpbundespolizeikoblenz.de\/?page_id=3793\">Weiterlesen<span class=\"screen-reader-text\">Ansprechpartner<\/span><span class=\"meta-nav\">&rarr;<\/span><\/a><\/p>\n","protected":false},"author":1,"featured_media":0,"parent":2,"menu_order":0,"comment_status":"closed","ping_status":"closed","template":"","meta":{"footnotes":""},"class_list":["post-3793","page","type-page","status-publish","hentry"],"_links":{"self":[{"href":"https:\/\/kg-saarland.gdpbundespolizeikoblenz.de\/index.php?rest_route=\/wp\/v2\/pages\/3793","targetHints":{"allow":["GET"]}}],"collection":[{"href":"https:\/\/kg-saarland.gdpbundespolizeikoblenz.de\/index.php?rest_route=\/wp\/v2\/pages"}],"about":[{"href":"https:\/\/kg-saarland.gdpbundespolizeikoblenz.de\/index.php?rest_route=\/wp\/v2\/types\/page"}],"author":[{"embeddable":true,"href":"https:\/\/kg-saarland.gdpbundespolizeikoblenz.de\/index.php?rest_route=\/wp\/v2\/users\/1"}],"replies":[{"embeddable":true,"href":"https:\/\/kg-saarland.gdpbundespolizeikoblenz.de\/index.php?rest_route=%2Fwp%2Fv2%2Fcomments&post=3793"}],"version-history":[{"count":1,"href":"https:\/\/kg-saarland.gdpbundespolizeikoblenz.de\/index.php?rest_route=\/wp\/v2\/pages\/3793\/revisions"}],"predecessor-version":[{"id":4076,"href":"https:\/\/kg-saarland.gdpbundespolizeikoblenz.de\/index.php?rest_route=\/wp\/v2\/pages\/3793\/revisions\/4076"}],"up":[{"embeddable":true,"href":"https:\/\/kg-saarland.gdpbundespolizeikoblenz.de\/index.php?rest_route=\/wp\/v2\/pages\/2"}],"wp:attachment":[{"href":"https:\/\/kg-saarland.gdpbundespolizeikoblenz.de\/index.php?rest_route=%2Fwp%2Fv2%2Fmedia&parent=3793"}],"curies":[{"name":"wp","href":"https:\/\/api.w.org\/{rel}","templated":true}]}}